{"id":11494,"date":"2026-01-29T09:28:49","date_gmt":"2026-01-29T09:28:49","guid":{"rendered":"https:\/\/cintl.org\/?post_type=opportunity&#038;p=11494"},"modified":"2026-01-29T09:28:50","modified_gmt":"2026-01-29T09:28:50","slug":"conseillere-ou-conseiller-en-plaidoyer","status":"publish","type":"opportunity","link":"https:\/\/crossboard.dev2.smartegy.ca\/fr\/opportunity\/conseillere-ou-conseiller-en-plaidoyer\/","title":{"rendered":"Conseill\u00e8re ou conseiller en plaidoyer"},"content":{"rendered":"<p><em><u>\u00a0<strong>***POUR APPLIQUER :\u00a0\u00catre domicili\u00e9 au S\u00e9n\u00e9gal et avoir la citoyennet\u00e9 d\u2019un pays africain autre que le pays o\u00f9 la personne est domicili\u00e9e OU \u00eatre citoyennet\u00e9 canadienne ou r\u00e9sident permanent \u00e9tant actuellement dans au S\u00e9n\u00e9gal .<\/strong><\/u><\/em><\/p>\n<p><em><u>*OPPORTUNIT\u00c9S OFFERTES PRIORITAIREMENT POUR LES CITOYEN-NE-S CANADIEN-NE-S ET R\u00c9SIDENT-E-S PERMANENT-E-S SE TROUVANT ACTUELLEMENT AU S\u00c9N\u00c9GAL\u00a0<\/u><\/em><\/p>\n<p><strong>Carrefour International\u00a0<\/strong>est une organisation de coop\u00e9ration internationale canadienne d\u2019importance qui travaille pour faire avancer l\u2019\u00e9galit\u00e9 pour les femmes et les filles et pour \u00e9liminer la pauvret\u00e9 dans certains des pays les plus pauvres du monde en Afrique o\u00f9 les femmes et les filles sont confront\u00e9es \u00e0 de grands d\u00e9fis : acc\u00e8s in\u00e9gal aux ressources et aux opportunit\u00e9s \u00e9conomiques, violence bas\u00e9e sur le genre et participation limit\u00e9e dans la vie politique et publique. Carrefour International travaille en partenariat avec des organisations locales dans 9 pays d\u2019Afrique subsaharienne, afin de tirer parti des comp\u00e9tences, de l\u2019expertise et des ressources, du Nord et du Sud, n\u00e9cessaires pour permettre aux personnes, en particulier aux femmes et aux filles, de r\u00e9duire la pauvret\u00e9 et d\u00e9fendre leurs droits.<\/p>\n<p>Carrefour International est un organisme de bienfaisance enregistr\u00e9 et soutenu par des bailleurs de fonds gouvernementaux et non gouvernementaux et de nombreux donateurs individuels \u00e0 travers le monde.<\/p>\n<p><strong>NOTRE VISION<\/strong><\/p>\n<p>UN MONDE o\u00f9 la pauvret\u00e9 est \u00e9limin\u00e9e, l\u2019\u00e9galit\u00e9 pr\u00e9vaut et les droits des femmes et des filles sont respect\u00e9s.<\/p>\n<p><strong>Description du projet et contexte\u00a0:<\/strong><\/p>\n<p>Le projet\u00a0<em>Ma Voix, Ma Sant\u00e9\u00a0: am\u00e9liorer la sant\u00e9 et les droits sexuels et reproductifs des adolescentes et adolescents du S\u00e9n\u00e9gal,\u00a0<\/em>\u00ab Baande am \u2013 cellal am \u00bb (Damcam) en langue locale peuhl, vise \u00e0 am\u00e9liorer l\u2019acc\u00e8s, la qualit\u00e9 et l\u2019utilisation des services en sant\u00e9 sexuelle et reproductive (SSR) pour les adolescentes et adolescents de la r\u00e9gion de K\u00e9dougou, une des plus pauvres du S\u00e9n\u00e9gal. Bas\u00e9 sur des droits humains fondamentaux, ce projet vise \u00e0 promouvoir le droit \u00e0 la sant\u00e9 sexuelle et reproductive, qui comprend\u00a0le droit des femmes \u00e0 disposer de leur corps et dont le respect implique de pouvoir acc\u00e9der \u00e0 des services de sant\u00e9 appropri\u00e9s. Or, dans la r\u00e9gion de K\u00e9dougou, plusieurs infrastructures sociales de base, dont les services de sant\u00e9, sont grandement d\u00e9ficitaires pour r\u00e9pondre aux besoins d\u2019une population install\u00e9e en zones isol\u00e9es et en forte augmentation. La situation est d\u2019autant plus alarmante pour les adolescentes puisque la moiti\u00e9 de la population de la r\u00e9gion de K\u00e9dougou a moins de 19 ans. Ce projet r\u00e9serve aussi une part importante aux droits en SSR afin de donner des outils n\u00e9cessaires aux adolescents, particuli\u00e8rement aux adolescentes de 10 \u00e0 19 ans, pour qu\u2019elles puissent se prot\u00e9ger contre la violence sexuelle et sexiste, les grossesses pr\u00e9coces, les mariages forc\u00e9s et pr\u00e9coces, les cas d\u2019abus sexuels et la transmission d\u2019IST y compris le VIH. Le projet est mis en \u0153uvre dans une r\u00e9gion, K\u00e9dougou, o\u00f9 on note des in\u00e9galit\u00e9s de genre quant \u00e0 l\u2019acc\u00e8s \u00e0 l\u2019\u00e9ducation, \u00e0 la sant\u00e9, aux ressources et \u00e0 la prise de d\u00e9cision eu \u00e9gard \u00e0 des facteurs socio-culturels, \u00e9conomiques et politiques. Plus sp\u00e9cifiquement, compte tenu de l\u2019intersectionnalit\u00e9 li\u00e9e aux facteurs comme l\u2019\u00e2ge, le sexe, la situation g\u00e9ographique et scolaire, le projet cible, aussi, les adolescentes les plus vuln\u00e9rables notamment celles de 10 \u00e0 19 ans habitants dans des zones \u00e9loign\u00e9es, d\u00e9scolaris\u00e9.e.s et non scolaris\u00e9.e.s, ainsi que les adolescentes travailleuses du sexe.<\/p>\n<p>La participation des adolescentes et adolescents de la r\u00e9gion de K\u00e9dougou, dans tous les aspects du projet autant sociaux, \u00e9conomiques, politiques que id\u00e9ologiques de leur sant\u00e9 sexuelle et reproductive, est au c\u0153ur du projet\u00a0<em>Ma voix, ma sant\u00e9<\/em>. Dans son plan de mise en \u0153uvre, le projet d\u00e9finit l\u2019engagement des jeunes de 10 \u00e0 19 ans comme un de ses principes fondamentaux, qu\u2019elle d\u00e9cline, entre autres, comme suit\u00a0:<\/p>\n<ul>\n<li>Renforcer l\u2019acc\u00e8s \u00e0 de l\u2019information de qualit\u00e9 sur la SDSR pour les adolescent.e.s ;<\/li>\n<li>Informer les adolescent.e.s sur la SDSR en r\u00e9pondant \u00e0 leurs besoins et int\u00e9r\u00eats;<\/li>\n<li>Am\u00e9liorer l\u2019acc\u00e8s pour les adolescentes des r\u00e9gions \u00e9loign\u00e9es, d\u00e9scolaris\u00e9es et non scolaris\u00e9es aux produits li\u00e9s \u00e0 la SDSR (diversit\u00e9 des ressources, traduction en langues locales, adaptation des contenus pour les analphab\u00e8tes, etc.).<\/li>\n<\/ul>\n<p><strong>Raison d\u2019\u00eatre du mandat du volontaire\u00a0:\u00a0<\/strong>L\u2019engagement des adolescent.e.s est la raison d\u2019\u00eatre de ce projet. Depuis le d\u00e9but de 2020, l\u2019\u00e9quipe projet a form\u00e9e plus de 200 adolescentes et adolescents en sant\u00e9 et droits sexuels et reproductifs (SDSR). Au cours de 2021, ces ados seront accompagn\u00e9s pour d\u00e9marrer une grande compagne de plaidoyer aupr\u00e8s des \u00e9lus, des parlementaires et des minist\u00e8res afin de sensibiliser les d\u00e9cideurs sur l\u2019importance de fournir des services en SDSR pour les femmes et les adolescentes. C\u2019est pourquoi la personne volontaire choisie sera amen\u00e9e \u00e0 collaborer avec l\u2019\u00e9quipe projet, les partenaires<\/p>\n<p><strong><em>Activit\u00e9s pr\u00e9vues dans le cadre du mandat:<\/em><\/strong><\/p>\n<ul>\n<li>Offrir une formation \u00e0 l\u2019\u00e9quipe projet et aux partenaires locaux sur le plaidoyer;<\/li>\n<li>Collaborer avec les ados, les partenaires locaux et l\u2019\u00e9quipe projet au d\u00e9veloppement de la strat\u00e9gie de campagne;<\/li>\n<li>D\u00e9velopper un plan d\u2019action pour la campagne de plaidoyer;<\/li>\n<li>Accompagner le d\u00e9marrage de la campagne de plaidoyer;<\/li>\n<\/ul>\n<p><strong>\u00a0<\/strong><\/p>\n<p><strong>Exp\u00e9riences et comp\u00e9tences requises :<\/strong><\/p>\n<ul>\n<li>Dipl\u00f4me universitaire ou coll\u00e9giale dans un domaine pertinent (p. ex. en sciences sociales, communication, d\u00e9veloppement international, etc.)<\/li>\n<li>Minimum de 2 ans d\u2019exp\u00e9riences en communication ou en strat\u00e9gie de plaidoyer<\/li>\n<li>Avoir \u00e0 c\u0153ur la question de l\u2019\u00e9galit\u00e9 des genres et de l\u2019inclusion des jeunes (10 \u00e0 19 ans)<\/li>\n<li>Capacit\u00e9 d\u2019analyse op\u00e9rationnelle et strat\u00e9gique<\/li>\n<li>Avoir d\u00e9j\u00e0 fait de la formation ou du renforcement de capacit\u00e9s pour les adultes<\/li>\n<li>Poss\u00e9der d\u2019excellentes comp\u00e9tences en communication orale et \u00e9crite<\/li>\n<li>Avoir une facult\u00e9 d\u2019adaptation, de la souplesse, d\u2019excellentes habilet\u00e9s pour travailler en \u00e9quipe<\/li>\n<li>Une exp\u00e9rience en d\u00e9veloppement international ou au S\u00e9n\u00e9gal, serait un atout<\/li>\n<\/ul>\n<p><strong>Crit\u00e8res d\u2019\u00e9ligibilit\u00e9 :<\/strong><\/p>\n<ul>\n<li>Partager\u202f<a href=\"https:\/\/cintl.org\/fr\/notre-travail\/code-dethique\/\">les valeurs et les normes \u00e9thiques de Carrefour<\/a>, en particulier :\n<ul>\n<li>Un engagement \u00e0\u202f<a href=\"https:\/\/cintl.org\/wp-content\/uploads\/2019\/11\/Crossroads-Code-of-Conduct-Sexual-Violence-Approved-51019_111419-FR.pdf\">pr\u00e9venir, att\u00e9nuer les risques et intervenir dans les cas de violence sexuelle<\/a>,<\/li>\n<li>Un engagement en faveur de\u202f<a href=\"https:\/\/cintl.org\/wp-content\/uploads\/2021\/03\/Carrefour-Politique-d%C3%A9galit%C3%A9-des-genres-Octobre-2019.pdf\">l\u2019\u00e9galit\u00e9 des genres<\/a>, et<\/li>\n<li>Un engagement en faveur de\u202f<a href=\"https:\/\/cintl.org\/wp-content\/uploads\/2020\/05\/Respect-en-milieu-de-travail_Aug-2019_FR.pdf\">l\u2019antiracisme<\/a>.<\/li>\n<\/ul>\n<\/li>\n<\/ul>\n<ul>\n<li>\u00catre d\u00e9clar\u00e9 en bonne sant\u00e9 physique et mentale (examen m\u00e9dical requis);<\/li>\n<li>Le volontaire doit apporter son ordinateur;<\/li>\n<li>\u00catre disponible pour participer \u00e0 une des formation avant le d\u00e9but mandat.<\/li>\n<\/ul>\n<p><strong>Encadrement personnalis\u00e9 avant, pendant et apr\u00e8s le mandat r\u00e9alis\u00e9 par une \u00e9quipe disponible et accueillante et prise en charge compl\u00e8te pendant votre mandat.<\/strong><\/p>\n<ul>\n<li style=\"list-style-type: none;\">\n<ul>\n<li>Allocation de subsistance et d\u2019h\u00e9bergement mensuelles d\u2019environ 2300 $ CAD;<\/li>\n<li>Assurance m\u00e9dicale et vaccins;<\/li>\n<li>Formation pr\u00e9mandat et atelier de r\u00e9int\u00e9gration \u00e0 la fin.<\/li>\n<\/ul>\n<\/li>\n<\/ul>\n<p>Carrefour International s\u2019est engag\u00e9 \u00e0 lutter contre la violence sexiste en soutenant le travail novateur de nos organisations partenaires pour mettre fin \u00e0 la violence \u00e0 l\u2019\u00e9gard des femmes et des filles.\u00a0<a href=\"https:\/\/international.gc.ca\/world-monde\/issues_development-enjeux_developpement\/priorities-priorites\/policy-politique.aspx?lang=fra\">REJOIGNEZ LE MOUVEMENT!<\/a><\/p>\n<p>POUR POSTULER<\/p>\n<p>Pour poser votre candidature, nous vous invitons \u00e0 remplir notre formulaire en ligne.<\/p>\n<p>Si vous avez des questions, veuillez contacter l\u2019\u00e9quipe de Mobilisation des volontaires : volontaire@cintl.org<\/p>\n<p>Nous vous remercions de votre int\u00e9r\u00eat.\u00a0 Veuillez noter que seules les personnes s\u00e9lectionn\u00e9es pour une entrevue seront contact\u00e9es.<\/p>\n","protected":false},"featured_media":0,"menu_order":0,"template":"","opportunity-type":[],"language":[],"country":[],"field-of-work":[],"class_list":["post-11494","opportunity","type-opportunity","status-publish","hentry"],"acf":[],"_links":{"self":[{"href":"https:\/\/crossboard.dev2.smartegy.ca\/fr\/wp-json\/wp\/v2\/opportunity\/11494","targetHints":{"allow":["GET"]}}],"collection":[{"href":"https:\/\/crossboard.dev2.smartegy.ca\/fr\/wp-json\/wp\/v2\/opportunity"}],"about":[{"href":"https:\/\/crossboard.dev2.smartegy.ca\/fr\/wp-json\/wp\/v2\/types\/opportunity"}],"version-history":[{"count":6,"href":"https:\/\/crossboard.dev2.smartegy.ca\/fr\/wp-json\/wp\/v2\/opportunity\/11494\/revisions"}],"predecessor-version":[{"id":25821,"href":"https:\/\/crossboard.dev2.smartegy.ca\/fr\/wp-json\/wp\/v2\/opportunity\/11494\/revisions\/25821"}],"wp:attachment":[{"href":"https:\/\/crossboard.dev2.smartegy.ca\/fr\/wp-json\/wp\/v2\/media?parent=11494"}],"wp:term":[{"taxonomy":"opportunity-type","embeddable":true,"href":"https:\/\/crossboard.dev2.smartegy.ca\/fr\/wp-json\/wp\/v2\/opportunity-type?post=11494"},{"taxonomy":"language","embeddable":true,"href":"https:\/\/crossboard.dev2.smartegy.ca\/fr\/wp-json\/wp\/v2\/language?post=11494"},{"taxonomy":"country","embeddable":true,"href":"https:\/\/crossboard.dev2.smartegy.ca\/fr\/wp-json\/wp\/v2\/country?post=11494"},{"taxonomy":"field-of-work","embeddable":true,"href":"https:\/\/crossboard.dev2.smartegy.ca\/fr\/wp-json\/wp\/v2\/field-of-work?post=11494"}],"curies":[{"name":"wp","href":"https:\/\/api.w.org\/{rel}","templated":true}]}}