{"id":13813,"date":"2026-01-29T09:29:13","date_gmt":"2026-01-29T09:29:13","guid":{"rendered":"https:\/\/cintl.org\/?post_type=opportunity&#038;p=13813"},"modified":"2026-01-29T09:29:14","modified_gmt":"2026-01-29T09:29:14","slug":"conseiller-ere-en-elaboration-et-gestion-de-projets-2","status":"publish","type":"opportunity","link":"https:\/\/crossboard.dev2.smartegy.ca\/fr\/opportunity\/conseiller-ere-en-elaboration-et-gestion-de-projets-2\/","title":{"rendered":"Conseiller-\u00e8re en \u00e9laboration et gestion de projets"},"content":{"rendered":"<p style=\"text-align: justify;\"><strong>Principales responsabilit\u00e9s<\/strong><\/p>\n<ul>\n<li>Former l\u2019\u00e9quipe \u00e0 la conception, l\u2019\u00e9laboration et la coordination des projets;<\/li>\n<li>Organiser des ateliers sur la d\u00e9marche et la m\u00e9thodologie de conception et d\u2019\u00e9criture de projet dans le cadre d\u2019un appel \u00e0 projets;<\/li>\n<li>Appuyer le partenaire dans la mise en \u0153uvre et la gestion de projet;<\/li>\n<li>Contribuer au d\u00e9veloppement et renforcement des outils de gestion de projet;<\/li>\n<li>Participer \u00e0 la conceptualisation et \u00e0 la conception de projets innovants.<\/li>\n<\/ul>\n<p style=\"text-align: justify;\"><strong>Description du projet et contexte\u00a0<\/strong><\/p>\n<p style=\"text-align: justify;\">Le programme de coop\u00e9ration volontaire (VCP) 2020-2027 de Carrefour International intitul\u00e9 \u00ab\u00a0<em>Ensemble<\/em>,\u00a0<em>Champions &amp; Championnes de l\u2019\u00c9galit\u00e9 des genres\u00a0<\/em>\u00bb, financ\u00e9 par Affaires mondiales Canada (AMC), mobilisera les canadien-ne-s, les parties prenantes canadiennes, le personnel et les volontaires de Carrefour, les organisations partenaires locales ainsi que les femmes, les hommes, les filles et les gar\u00e7ons en Afrique subsaharienne pour devenir champion-ne-s de l\u2019\u00e9galit\u00e9 des genres.<\/p>\n<p style=\"text-align: justify;\">Le projet vise \u00e0 r\u00e9duire les\u00a0<strong>in\u00e9galit\u00e9s de genre et \u00e0 r\u00e9duire la pauvret\u00e9<\/strong>\u00a0en s\u2019attaquant \u00e0 la\u00a0<strong>violence bas\u00e9e sur le genre, aux in\u00e9galit\u00e9s d\u2019acc\u00e8s aux ressources et aux opportunit\u00e9s \u00e9conomiques<\/strong>, et aux d\u00e9fis qui emp\u00eachent de\u00a0<strong>prendre des d\u00e9cisions inform\u00e9es, de se faire entendre<\/strong>, \u00e0 cause des relations de pouvoir in\u00e9gales et discriminatoires ancr\u00e9es dans nos soci\u00e9t\u00e9s.<\/p>\n<p style=\"text-align: justify;\"><strong>\u00a0Description du partenaire <\/strong><\/p>\n<p style=\"text-align: justify;\">La Coordination togolaise des organisations paysannes et de producteurs agricoles (CTOP) a \u00e9t\u00e9 cr\u00e9\u00e9e le 10 juillet 2001 \u00e0 Lom\u00e9, autour des fili\u00e8res caf\u00e9- cacao, coton, c\u00e9r\u00e9ales, production de semences, aviculture et \u00e9levage bovin, etc.\u00a0 Elle a pour mission de repr\u00e9senter et d\u00e9fendre les int\u00e9r\u00eats des producteurs agricoles du Togo, toutes fili\u00e8res confondues. Elle regroupe vingt (20) fa\u00eeti\u00e8res et compte de nos jours 550 000 membres dont 30% de femmes.<\/p>\n<p style=\"text-align: justify;\">La CTOP est administr\u00e9e par trois organes statutaires dont une convention, un Conseil d\u2019Administration (CA) d\u00e9positaire d\u2019une Secr\u00e9tariat Ex\u00e9cutif de dix (10) salari\u00e9s en charge de l\u2019ex\u00e9cution de toutes les activit\u00e9s techniques de la plateforme et d\u2019un comit\u00e9 de contr\u00f4le et de surveillance. La CTOP, dans la promotion du genre a mis en place, entre autres, un coll\u00e8ge des femmes qui regroupe les femmes agricultrices des fa\u00eeti\u00e8res membres de la CTOP et un coll\u00e8ge des jeunes qui regroupe les jeunes agriculteurs des fa\u00eeti\u00e8res membres de la CTOP. Elle est repr\u00e9sent\u00e9e sur toute l\u2019\u00e9tendue du territoire et dispose des Coordination R\u00e9gionale des Organisations paysannes et de Producteurs Agricoles (CROPPA) dans toutes les 5 r\u00e9gions du pays.<\/p>\n<p><strong>Exp\u00e9riences et comp\u00e9tences requises <\/strong><\/p>\n<ul>\n<li>Dipl\u00f4me universitaire (ou l\u2019\u00e9quivalent) en gestion de projet, d\u00e9veloppement international ou tout autre domaine pertinent;<\/li>\n<li>Au moins 2 ans d\u2019exp\u00e9rience professionnelle en \u00e9laboration et gestion de projet,<\/li>\n<li>Avoir \u00e0 c\u0153ur la question de l\u2019\u00e9galit\u00e9 des genres;<\/li>\n<li>Poss\u00e9der d\u2019excellentes capacit\u00e9s r\u00e9dactionnelles;<\/li>\n<li>Faire preuve d\u2019organisation, de rigueur et d\u2019autonomie dans le travail;<\/li>\n<li>Aptitudes en andragogie\/formation ;<\/li>\n<li>Forte capacit\u00e9 d\u2019adaptation;<\/li>\n<li>Comp\u00e9tences et attitudes interculturelles exceptionnelles, y compris la patience, la communication interculturelle, et le respect de l\u2019expertise et de la culture du travail locale;<\/li>\n<li>Une exp\u00e9rience pr\u00e9c\u00e9dente en Afrique et une compr\u00e9hension du contexte, de la r\u00e9alit\u00e9 et de la culture des pays sont consid\u00e9r\u00e9es comme un atout solide.<\/li>\n<\/ul>\n<p>&nbsp;<\/p>\n<p><b><span data-contrast=\"none\">Crit\u00e8res d\u2019\u00e9ligibilit\u00e9<\/span><\/b><span data-ccp-props=\"{&quot;201341983&quot;:0,&quot;335559739&quot;:160,&quot;335559740&quot;:259}\">\u00a0<\/span><\/p>\n<ul>\n<li data-leveltext=\"\uf0b7\" data-font=\"Symbol\" data-listid=\"1\" aria-setsize=\"-1\" data-aria-posinset=\"1\" data-aria-level=\"1\"><b><i><span data-contrast=\"auto\">***IMPORTANT:<\/span><\/i><\/b><b><i><span data-contrast=\"none\"> \u00catre citoyen-ne canadien-ne ou r\u00e9sident-e permanent-e du Canada;<\/span><\/i><\/b><span data-ccp-props=\"{&quot;201341983&quot;:0,&quot;335559739&quot;:160,&quot;335559740&quot;:259}\">\u00a0<\/span><\/li>\n<li data-leveltext=\"\uf0b7\" data-font=\"Symbol\" data-listid=\"1\" aria-setsize=\"-1\" data-aria-posinset=\"2\" data-aria-level=\"1\"><span data-contrast=\"none\">\u00catre dispos\u00e9 \u00e0 mener des activit\u00e9s de collecte de fonds et d&rsquo;engagement du public avant, pendant et apr\u00e8s le mandat;<\/span><span data-ccp-props=\"{&quot;201341983&quot;:0,&quot;335559739&quot;:160,&quot;335559740&quot;:259}\">\u00a0<\/span><\/li>\n<li data-leveltext=\"\uf0b7\" data-font=\"Symbol\" data-listid=\"1\" aria-setsize=\"-1\" data-aria-posinset=\"3\" data-aria-level=\"1\"><span data-contrast=\"none\">Partager\u202f un engagement \u00e0\u202f<\/span><a href=\"https:\/\/cintl.org\/wp-content\/uploads\/2019\/11\/Crossroads-Code-of-Conduct-Sexual-Violence-Approved-51019_111419-FR.pdf\"><span data-contrast=\"none\">pr\u00e9venir, att\u00e9nuer les risques et intervenir dans les cas de violence sexuelle;<\/span><\/a><span data-ccp-props=\"{&quot;201341983&quot;:0,&quot;335559739&quot;:160,&quot;335559740&quot;:259}\">\u00a0<\/span><\/li>\n<li data-leveltext=\"\uf0b7\" data-font=\"Symbol\" data-listid=\"1\" aria-setsize=\"-1\" data-aria-posinset=\"4\" data-aria-level=\"1\"><span data-contrast=\"none\">\u00catre d\u00e9clar\u00e9 en bonne sant\u00e9 physique et mentale (examen m\u00e9dical requis);<\/span><span data-ccp-props=\"{&quot;201341983&quot;:0,&quot;335559739&quot;:160,&quot;335559740&quot;:259}\">\u00a0<\/span><\/li>\n<li data-leveltext=\"\uf0b7\" data-font=\"Symbol\" data-listid=\"1\" aria-setsize=\"-1\" data-aria-posinset=\"5\" data-aria-level=\"1\"><span data-contrast=\"none\">La personne volontaire doit apporter son ordinateur.<\/span><span data-ccp-props=\"{&quot;201341983&quot;:0,&quot;335559739&quot;:160,&quot;335559740&quot;:259}\">\u00a0<\/span><\/li>\n<li data-leveltext=\"\uf0b7\" data-font=\"Symbol\" data-listid=\"1\" aria-setsize=\"-1\" data-aria-posinset=\"6\" data-aria-level=\"1\"><span data-contrast=\"none\">La personne volontaire doit \u00eatre disponible pour participer \u00e0 une formation pr\u00e9-mandat en ligne. <\/span><span data-ccp-props=\"{&quot;201341983&quot;:0,&quot;335559739&quot;:160,&quot;335559740&quot;:259}\">\u00a0<\/span><\/li>\n<\/ul>\n<p style=\"text-align: justify;\"><span data-contrast=\"none\">Encadrement personnalis\u00e9 avant, pendant et apr\u00e8s le mandat r\u00e9alis\u00e9 par une \u00e9quipe disponible et accueillante et prise en charge compl\u00e8te pendant votre s\u00e9jour.<\/span><b><span data-contrast=\"none\"> L\u2019exp\u00e9rience Carrefour inclut :<\/span><\/b><span data-ccp-props=\"{&quot;201341983&quot;:0,&quot;335559739&quot;:160,&quot;335559740&quot;:259}\">\u00a0<\/span><\/p>\n<ul>\n<li data-leveltext=\"\uf0b7\" data-font=\"Symbol\" data-listid=\"1\" aria-setsize=\"-1\" data-aria-posinset=\"7\" data-aria-level=\"1\"><span data-contrast=\"none\">Allocation de subsistance (varie selon le pays d\u2019affection);<\/span><span data-ccp-props=\"{&quot;201341983&quot;:0,&quot;335559739&quot;:160,&quot;335559740&quot;:259}\">\u00a0<\/span><\/li>\n<li data-leveltext=\"\uf0b7\" data-font=\"Symbol\" data-listid=\"1\" aria-setsize=\"-1\" data-aria-posinset=\"8\" data-aria-level=\"1\"><span data-contrast=\"none\">Billet d&rsquo;avion aller-retour;<\/span><span data-ccp-props=\"{&quot;201341983&quot;:0,&quot;335559739&quot;:160,&quot;335559740&quot;:259}\">\u00a0<\/span><\/li>\n<li data-leveltext=\"\uf0b7\" data-font=\"Symbol\" data-listid=\"1\" aria-setsize=\"-1\" data-aria-posinset=\"9\" data-aria-level=\"1\"><span data-contrast=\"none\">Assurance m\u00e9dicale et vaccins;<\/span><span data-ccp-props=\"{&quot;201341983&quot;:0,&quot;335559739&quot;:160,&quot;335559740&quot;:259}\">\u00a0<\/span><\/li>\n<li data-leveltext=\"\uf0b7\" data-font=\"Symbol\" data-listid=\"1\" aria-setsize=\"-1\" data-aria-posinset=\"10\" data-aria-level=\"1\"><span data-contrast=\"none\">Formation pr\u00e9-mandat en ligne.<\/span><span data-ccp-props=\"{&quot;201341983&quot;:0,&quot;335559739&quot;:160,&quot;335559740&quot;:259}\">\u00a0<\/span><\/li>\n<\/ul>\n<p style=\"text-align: justify;\"><i><span data-contrast=\"auto\">Carrefour International s\u2019est engag\u00e9 \u00e0 lutter contre la violence sexiste en soutenant le travail novateur de nos organisations partenaires pour <\/span><\/i><a href=\"https:\/\/www.international.gc.ca\/world-monde\/issues_development-enjeux_developpement\/priorities-priorites\/policy-politique.aspx?lang=fra\"><i><span data-contrast=\"none\">mettre fin \u00e0 la violence \u00e0 l\u2019\u00e9gard des femmes et des filles<\/span><\/i><\/a><span data-contrast=\"auto\">. <\/span><\/p>\n<p style=\"text-align: justify;\"><a href=\"https:\/\/international.gc.ca\/world-monde\/issues_development-enjeux_developpement\/priorities-priorites\/policy-politique.aspx?lang=fra\"><span data-contrast=\"none\">REJOIGNEZ LE MOUVEMENT!<\/span><\/a><span data-ccp-props=\"{&quot;201341983&quot;:0,&quot;335559739&quot;:160,&quot;335559740&quot;:259}\">\u00a0<\/span><\/p>\n<p><b><span data-contrast=\"auto\">POUR POSTULER<\/span><\/b><span data-ccp-props=\"{&quot;201341983&quot;:0,&quot;335559739&quot;:160,&quot;335559740&quot;:259}\">\u00a0<\/span><\/p>\n<p style=\"text-align: left;\"><span style=\"text-decoration: underline;\">Pour poser votre candidature, nous vous demandons de bien vouloir remplir le formulaire de candidature en ligne de Carrefour.<\/span> Les candidatures seront examin\u00e9es de mani\u00e8re continue. N\u2019attendez pas pour soumettre la v\u00f4tre!<\/p>\n<p style=\"text-align: left;\"><span data-contrast=\"auto\">Veuillez contacter l\u2019\u00e9quipe de mobilisation des volontaires si vous avez des questions: <\/span><a href=\"mailto:volontaire@cintl.org\"><span data-contrast=\"none\">volontaire@cintl.org<\/span><\/a><span data-ccp-props=\"{&quot;201341983&quot;:0,&quot;335559739&quot;:160,&quot;335559740&quot;:259}\">\u00a0<\/span><\/p>\n<p style=\"text-align: left;\"><span data-contrast=\"auto\">Nous vous remercions de votre int\u00e9r\u00eat.\u00a0 Veuillez noter que seules les personnes s\u00e9lectionn\u00e9es pour une entrevue seront contact\u00e9es.<\/span><span data-ccp-props=\"{&quot;201341983&quot;:0,&quot;335559739&quot;:160,&quot;335559740&quot;:259}\">\u00a0<\/span><\/p>\n","protected":false},"featured_media":0,"menu_order":0,"template":"","opportunity-type":[],"language":[],"country":[],"field-of-work":[],"class_list":["post-13813","opportunity","type-opportunity","status-publish","hentry"],"acf":[],"_links":{"self":[{"href":"https:\/\/crossboard.dev2.smartegy.ca\/fr\/wp-json\/wp\/v2\/opportunity\/13813","targetHints":{"allow":["GET"]}}],"collection":[{"href":"https:\/\/crossboard.dev2.smartegy.ca\/fr\/wp-json\/wp\/v2\/opportunity"}],"about":[{"href":"https:\/\/crossboard.dev2.smartegy.ca\/fr\/wp-json\/wp\/v2\/types\/opportunity"}],"version-history":[{"count":2,"href":"https:\/\/crossboard.dev2.smartegy.ca\/fr\/wp-json\/wp\/v2\/opportunity\/13813\/revisions"}],"predecessor-version":[{"id":25597,"href":"https:\/\/crossboard.dev2.smartegy.ca\/fr\/wp-json\/wp\/v2\/opportunity\/13813\/revisions\/25597"}],"wp:attachment":[{"href":"https:\/\/crossboard.dev2.smartegy.ca\/fr\/wp-json\/wp\/v2\/media?parent=13813"}],"wp:term":[{"taxonomy":"opportunity-type","embeddable":true,"href":"https:\/\/crossboard.dev2.smartegy.ca\/fr\/wp-json\/wp\/v2\/opportunity-type?post=13813"},{"taxonomy":"language","embeddable":true,"href":"https:\/\/crossboard.dev2.smartegy.ca\/fr\/wp-json\/wp\/v2\/language?post=13813"},{"taxonomy":"country","embeddable":true,"href":"https:\/\/crossboard.dev2.smartegy.ca\/fr\/wp-json\/wp\/v2\/country?post=13813"},{"taxonomy":"field-of-work","embeddable":true,"href":"https:\/\/crossboard.dev2.smartegy.ca\/fr\/wp-json\/wp\/v2\/field-of-work?post=13813"}],"curies":[{"name":"wp","href":"https:\/\/api.w.org\/{rel}","templated":true}]}}