{"id":16030,"date":"2026-01-29T09:28:59","date_gmt":"2026-01-29T09:28:59","guid":{"rendered":"https:\/\/cintl.org\/?post_type=opportunity&#038;p=16030"},"modified":"2026-01-29T09:29:00","modified_gmt":"2026-01-29T09:29:00","slug":"conseiller-ere-en-elaboration-et-gestion-de-projets","status":"publish","type":"opportunity","link":"https:\/\/crossboard.dev2.smartegy.ca\/fr\/opportunity\/conseiller-ere-en-elaboration-et-gestion-de-projets\/","title":{"rendered":"CONSEILLER-\u00c8RE EN \u00c9LABORATION ET GESTION DE PROJETS"},"content":{"rendered":"<p><strong><em>***POUR POSTULER\u00a0: \u00catre citoyen-ne canadien-ne ou r\u00e9sident-e permanent-e du Canada.<\/em><\/strong><\/p>\n<p style=\"text-align: justify;\"><strong>Carrefour International <\/strong>est une organisation de coop\u00e9ration internationale canadienne d\u2019importance qui travaille pour faire avancer l\u2019\u00e9galit\u00e9 pour les femmes et les filles et pour \u00e9liminer la pauvret\u00e9 dans certains des pays les plus pauvres du monde en Afrique o\u00f9 les femmes et les filles sont confront\u00e9es \u00e0 de grands d\u00e9fis : acc\u00e8s in\u00e9gal aux ressources et aux opportunit\u00e9s \u00e9conomiques, violence bas\u00e9e sur le genre et participation limit\u00e9e dans la vie politique et publique. Carrefour International travaille en partenariat avec des organisations locales dans 9 pays d\u2019Afrique subsaharienne, afin de tirer parti des comp\u00e9tences, de l\u2019expertise et des ressources, du Nord et du Sud, n\u00e9cessaires pour permettre aux personnes, en particulier aux femmes et aux filles, de r\u00e9duire la pauvret\u00e9 et d\u00e9fendre leurs droits.<\/p>\n<p style=\"text-align: justify;\">Carrefour International est un organisme de bienfaisance enregistr\u00e9 et soutenu par des bailleurs de fonds gouvernementaux et non gouvernementaux et de nombreux donateurs individuels \u00e0 travers le monde.<\/p>\n<p style=\"text-align: justify;\"><strong>NOTRE VISION<\/strong><\/p>\n<p style=\"text-align: justify;\">UN MONDE o\u00f9 la pauvret\u00e9 est \u00e9limin\u00e9e, l\u2019\u00e9galit\u00e9 pr\u00e9vaut et les droits des femmes et des filles sont respect\u00e9s.<\/p>\n<p style=\"text-align: justify;\"><strong>Description du projet et contexte\u00a0<\/strong><\/p>\n<p style=\"text-align: justify;\">Le programme de coop\u00e9ration volontaire (VCP) 2020-2027 de Carrefour International intitul\u00e9 \u00ab\u00a0<em>Ensemble<\/em>,\u00a0<em>Champions &amp; Championnes de l\u2019\u00c9galit\u00e9 des genres\u00a0<\/em>\u00bb, financ\u00e9 par Affaires mondiales Canada (AMC), mobilisera les canadien-ne-s, les parties prenantes canadiennes, le personnel et les volontaires de Carrefour, les organisations partenaires locales ainsi que les femmes, les hommes, les filles et les gar\u00e7ons en Afrique subsaharienne pour devenir champion-ne-s de l\u2019\u00e9galit\u00e9 des genres. Collectivement, ces champion-ne-s de l\u2019\u00e9galit\u00e9 des genres constituent une communaut\u00e9 mondiale d\u2019agents du changement et de d\u00e9fenseurs de l\u2019avancement de l\u2019\u00e9galit\u00e9 des genres au Canada et en Afrique subsaharienne.<\/p>\n<p style=\"text-align: justify;\">Le projet vise \u00e0 r\u00e9duire les\u00a0<strong>in\u00e9galit\u00e9s de genre et \u00e0 r\u00e9duire la pauvret\u00e9<\/strong>\u00a0en s\u2019attaquant \u00e0 la\u00a0<strong>violence bas\u00e9e sur le genre, aux in\u00e9galit\u00e9s d\u2019acc\u00e8s aux ressources et aux opportunit\u00e9s \u00e9conomiques<\/strong>, et aux d\u00e9fis qui emp\u00eachent de\u00a0<strong>prendre des d\u00e9cisions inform\u00e9es, de se faire entendre<\/strong>, \u00e0 cause des relations de pouvoir in\u00e9gales et discriminatoires ancr\u00e9es dans nos soci\u00e9t\u00e9s. \u00a0Carrefour s\u2019attaquera aux causes profondes des in\u00e9galit\u00e9s de genre et de la discrimination \u00e0 travers une approche holistique multidimensionnelle dans le PCV qui fera la promotion 1) des droits des femmes ; 2) de l\u2019acc\u00e8s \u00e0 la justice et la r\u00e9duction de la violence bas\u00e9e sur le genre (VBG), 3) une repr\u00e9sentation \u00e9galitaire des femmes et des hommes, et 4) la r\u00e9duction des in\u00e9galit\u00e9s qui limitent la capacit\u00e9 des femmes \u00e0 participer et \u00e0 b\u00e9n\u00e9ficier des activit\u00e9s \u00e9conomiques. Carrefour applique une approche fond\u00e9e sur les droits \u00e0 la programmation, qui s\u2019\u00e9tend \u00e0 la promotion, \u00e0 la protection et \u00e0 la d\u00e9fense des droits des femmes, y compris le renforcement de la capacit\u00e9 des organisations de d\u00e9fense des droits des femmes \u00e0 participer \u00e0 la formulation des politiques et \u00e0 influer sur celles-ci et \u00e0 rendre des comptes \u00e0 ceux qui ont le devoir d\u2019agir.<\/p>\n<p style=\"text-align: justify;\"><strong>Description du partenaire\u00a0<\/strong><\/p>\n<p style=\"text-align: justify;\">Le Groupement d\u2019Int\u00e9r\u00eat Public-Programme National de Volontariat au Burkina Faso (GIP-PNVB), est un \u00e9tablissement public cr\u00e9\u00e9 par accord entre l\u2019\u00c9tat, les collectivit\u00e9s territoriales, des \u00e9tablissements publics de l\u2019\u00c9tat, des organisations de la Soci\u00e9t\u00e9 Civile et des organisations internationales de volontariat. Il a pour mission de structurer, de g\u00e9rer et de d\u00e9velopper le volontariat national d\u2019une part, de promouvoir l\u2019engagement volontaire et la participation active de la population au d\u00e9veloppement du Burkina Faso d\u2019autre part. Sa vision est celle d\u2019une soci\u00e9t\u00e9 o\u00f9 chacun s\u2019engage pour le d\u00e9veloppement de sa communaut\u00e9 ou de son pays \u00e0 travers l\u2019engagement volontaire.<\/p>\n<p style=\"text-align: justify;\">La mission du volontaire sera d\u2019apporter un accompagnement technique qualitatif aux \u00e9quipes mises en place afin de disposer de projets et programmes finan\u00e7ables de court, moyen et long terme qui assurent au GIP-PNVB de disposer de ressources financi\u00e8res cons\u00e9quentes pour la r\u00e9alisation de ses missions.<\/p>\n<p><strong>Principales responsabilit\u00e9s<\/strong><\/p>\n<ul>\n<li>Participer \u00e0 la conceptualisation et \u00e0 la conception de projets innovants prenant en compte la probl\u00e9matique de la formation, de l\u2019employabilit\u00e9 et de l\u2019insertion des jeunes;<\/li>\n<li>Accompagner les \u00e9quipes du GIP-PNVB dans la r\u00e9daction de propositions de projets (\u00e9laboration de note technique et de budget);<\/li>\n<li>Appuyer les \u00e9quipes dans la recherche de financement et le d\u00e9veloppement de partenariats;<\/li>\n<li>Former le personnel technique du GIP-PNVB \u00e0 la gestion de projet et en management ;<\/li>\n<li>Appuyer le GIP-PNVB \u00e0 la mise en place d\u2019un dispositif de suivi \u2013 \u00e9valuation et d\u2019outils de collecte de donn\u00e9es;<\/li>\n<li>Contribuer au d\u00e9veloppement d\u2019initiatives sociales de d\u00e9veloppement et d\u2019accompagnement \u00e0 l\u2019insertion des jeunes;<\/li>\n<li>Contribuer \u00e0 toute initiative de plaidoyer en mati\u00e8re de financement de projets ou mobilisation de ressources financi\u00e8res.<\/li>\n<\/ul>\n<p><strong>Exp\u00e9riences et comp\u00e9tences requises\u00a0<\/strong><\/p>\n<ul>\n<li>Dipl\u00f4me universitaire (ou l\u2019\u00e9quivalent) en gestion de projet, sciences sociales, d\u00e9veloppement local, relations internationales ou autre domaine pertinent;<\/li>\n<li>Au moins deux (2) ann\u00e9es d\u2019exp\u00e9rience av\u00e9r\u00e9e en conception et gestion de projets;<\/li>\n<li>Exp\u00e9rience et connaissances des pratiques de gestion ax\u00e9e sur les r\u00e9sultats (cycle de projets, th\u00e9orie du changement, cadre logique, mod\u00e8les de reportage, collecte de donn\u00e9es&#8230;);<\/li>\n<li>Avoir \u00e0 c\u0153ur la question de l\u2019\u00e9galit\u00e9 des genres;<\/li>\n<li>Exp\u00e9rience en r\u00e9daction et soumission de notes conceptuelles de projets;<\/li>\n<li>Exp\u00e9rience en d\u00e9veloppement de partenariats et mobilisation de ressources financi\u00e8res;<\/li>\n<li>Exp\u00e9rience et comp\u00e9tences en suivi-\u00e9valuation de projets\/programmes de d\u00e9veloppement international;<\/li>\n<li>Forte capacit\u00e9 d\u2019adaptation;<\/li>\n<li>Comp\u00e9tences et attitudes interculturelles exceptionnelles, y compris la patience, la communication interculturelle, et le respect de l\u2019expertise et de la culture du travail locale;<\/li>\n<li>Excellentes comp\u00e9tences organisationnelles, relationnelles et communicationnelles;<\/li>\n<li>Int\u00e9r\u00eat pour le monde associatif et de la jeunesse.<\/li>\n<\/ul>\n<p><strong>Atouts<\/strong><\/p>\n<ul>\n<li>Connaissance des donateurs et bailleurs de fonds internationaux;<\/li>\n<li>Capacit\u00e9 \u00e0 transf\u00e9rer ses connaissances;<\/li>\n<li>Maitrise des rudiments de la n\u00e9gociation;<\/li>\n<li>Une exp\u00e9rience professionnelle en d\u00e9veloppement international.<\/li>\n<\/ul>\n<p>&nbsp;<\/p>\n<p><b><span data-contrast=\"none\">Crit\u00e8res d\u2019\u00e9ligibilit\u00e9<\/span><\/b><span data-ccp-props=\"{&quot;201341983&quot;:0,&quot;335559739&quot;:160,&quot;335559740&quot;:259}\">\u00a0<\/span><\/p>\n<ul>\n<li data-leveltext=\"\uf0b7\" data-font=\"Symbol\" data-listid=\"1\" aria-setsize=\"-1\" data-aria-posinset=\"1\" data-aria-level=\"1\"><b><i><span data-contrast=\"auto\">***IMPORTANT:<\/span><\/i><\/b><b><i><span data-contrast=\"none\">\u00a0\u00catre citoyen-ne canadien-ne ou r\u00e9sident-e permanent-e du Canada;<\/span><\/i><\/b><span data-ccp-props=\"{&quot;201341983&quot;:0,&quot;335559739&quot;:160,&quot;335559740&quot;:259}\">\u00a0<\/span><\/li>\n<li data-leveltext=\"\uf0b7\" data-font=\"Symbol\" data-listid=\"1\" aria-setsize=\"-1\" data-aria-posinset=\"1\" data-aria-level=\"1\"><strong><em>Avoir re\u00e7u deux doses d&rsquo;un vaccin contre la COVID-19<\/em><\/strong>;<\/li>\n<li data-leveltext=\"\uf0b7\" data-font=\"Symbol\" data-listid=\"1\" aria-setsize=\"-1\" data-aria-posinset=\"2\" data-aria-level=\"1\"><span data-contrast=\"none\">\u00catre dispos\u00e9 \u00e0 mener des activit\u00e9s de collecte de fonds et d\u2019engagement du public avant, pendant et apr\u00e8s le mandat;<\/span><span data-ccp-props=\"{&quot;201341983&quot;:0,&quot;335559739&quot;:160,&quot;335559740&quot;:259}\">\u00a0<\/span><\/li>\n<li data-leveltext=\"\uf0b7\" data-font=\"Symbol\" data-listid=\"1\" aria-setsize=\"-1\" data-aria-posinset=\"3\" data-aria-level=\"1\"><span data-contrast=\"none\">Partager\u202fun engagement \u00e0\u202f<\/span><a href=\"https:\/\/cintl.org\/wp-content\/uploads\/2019\/11\/Crossroads-Code-of-Conduct-Sexual-Violence-Approved-51019_111419-FR.pdf\"><span data-contrast=\"none\">pr\u00e9venir, att\u00e9nuer les risques et intervenir dans les cas de violence sexuelle;<\/span><\/a><span data-ccp-props=\"{&quot;201341983&quot;:0,&quot;335559739&quot;:160,&quot;335559740&quot;:259}\">\u00a0<\/span><\/li>\n<li data-leveltext=\"\uf0b7\" data-font=\"Symbol\" data-listid=\"1\" aria-setsize=\"-1\" data-aria-posinset=\"4\" data-aria-level=\"1\"><span data-contrast=\"none\">\u00catre d\u00e9clar\u00e9 en bonne sant\u00e9 physique et mentale (examen m\u00e9dical requis);<\/span><span data-ccp-props=\"{&quot;201341983&quot;:0,&quot;335559739&quot;:160,&quot;335559740&quot;:259}\">\u00a0<\/span><\/li>\n<li data-leveltext=\"\uf0b7\" data-font=\"Symbol\" data-listid=\"1\" aria-setsize=\"-1\" data-aria-posinset=\"5\" data-aria-level=\"1\"><span data-contrast=\"none\">La personne volontaire doit apporter son ordinateur.<\/span><span data-ccp-props=\"{&quot;201341983&quot;:0,&quot;335559739&quot;:160,&quot;335559740&quot;:259}\">\u00a0<\/span><\/li>\n<li data-leveltext=\"\uf0b7\" data-font=\"Symbol\" data-listid=\"1\" aria-setsize=\"-1\" data-aria-posinset=\"6\" data-aria-level=\"1\"><span data-contrast=\"none\">La personne volontaire doit \u00eatre disponible pour participer \u00e0 une formation pr\u00e9-mandat en ligne<span class=\"NormalTextRun SCXW5673309 BCX0\">\u00a0qui se <\/span><span class=\"NormalTextRun SpellingErrorV2 SCXW5673309 BCX0\">d\u00e9roulera<\/span><span class=\"NormalTextRun SCXW5673309 BCX0\"> du 24 au 31 ao\u00fbt<\/span><span class=\"NormalTextRun SpellingErrorV2 SCXW5673309 BCX0\">\u00a02022<\/span><span class=\"NormalTextRun SCXW5673309 BCX0\">.<\/span><\/span><\/li>\n<\/ul>\n<p style=\"text-align: justify;\"><span data-contrast=\"none\">Encadrement personnalis\u00e9 avant, pendant et apr\u00e8s le mandat r\u00e9alis\u00e9 par une \u00e9quipe disponible et accueillante et prise en charge compl\u00e8te pendant votre s\u00e9jour.<\/span><b><span data-contrast=\"none\">\u00a0L\u2019exp\u00e9rience Carrefour inclut :<\/span><\/b><span data-ccp-props=\"{&quot;201341983&quot;:0,&quot;335559739&quot;:160,&quot;335559740&quot;:259}\">\u00a0<\/span><\/p>\n<ul>\n<li data-leveltext=\"\uf0b7\" data-font=\"Symbol\" data-listid=\"1\" aria-setsize=\"-1\" data-aria-posinset=\"7\" data-aria-level=\"1\"><span data-contrast=\"none\">Allocation de subsistance (varie selon le pays d\u2019affection);<\/span><span data-ccp-props=\"{&quot;201341983&quot;:0,&quot;335559739&quot;:160,&quot;335559740&quot;:259}\">\u00a0<\/span><\/li>\n<li data-leveltext=\"\uf0b7\" data-font=\"Symbol\" data-listid=\"1\" aria-setsize=\"-1\" data-aria-posinset=\"8\" data-aria-level=\"1\"><span data-contrast=\"none\">Billet d\u2019avion et transport local\u202f;<\/span><span data-ccp-props=\"{&quot;201341983&quot;:0,&quot;335559739&quot;:160,&quot;335559740&quot;:259}\">\u00a0<\/span><\/li>\n<li data-leveltext=\"\uf0b7\" data-font=\"Symbol\" data-listid=\"1\" aria-setsize=\"-1\" data-aria-posinset=\"9\" data-aria-level=\"1\"><span data-contrast=\"none\">Assurance m\u00e9dicale et vaccins;<\/span><span data-ccp-props=\"{&quot;201341983&quot;:0,&quot;335559739&quot;:160,&quot;335559740&quot;:259}\">\u00a0<\/span><\/li>\n<li data-leveltext=\"\uf0b7\" data-font=\"Symbol\" data-listid=\"1\" aria-setsize=\"-1\" data-aria-posinset=\"10\" data-aria-level=\"1\"><span data-contrast=\"none\">Formation pr\u00e9-mandat en ligne.<\/span><span data-ccp-props=\"{&quot;201341983&quot;:0,&quot;335559739&quot;:160,&quot;335559740&quot;:259}\">\u00a0<\/span><\/li>\n<\/ul>\n<p style=\"text-align: justify;\"><i><span data-contrast=\"auto\">Carrefour International s\u2019est engag\u00e9 \u00e0 lutter contre la violence sexiste en soutenant le travail novateur de nos organisations partenaires pour\u00a0<\/span><\/i><a href=\"https:\/\/www.international.gc.ca\/world-monde\/issues_development-enjeux_developpement\/priorities-priorites\/policy-politique.aspx?lang=fra\"><i><span data-contrast=\"none\">mettre fin \u00e0 la violence \u00e0 l\u2019\u00e9gard des femmes et des filles<\/span><\/i><\/a><span data-contrast=\"auto\">.<\/span><\/p>\n<p><a href=\"https:\/\/international.gc.ca\/world-monde\/issues_development-enjeux_developpement\/priorities-priorites\/policy-politique.aspx?lang=fra\"><span data-contrast=\"none\">REJOIGNEZ LE MOUVEMENT!<\/span><\/a><span data-ccp-props=\"{&quot;201341983&quot;:0,&quot;335559739&quot;:160,&quot;335559740&quot;:259}\">\u00a0<\/span><\/p>\n<p><b><span data-contrast=\"auto\">POUR POSTULER<\/span><\/b><span data-ccp-props=\"{&quot;201341983&quot;:0,&quot;335559739&quot;:160,&quot;335559740&quot;:259}\">\u00a0<\/span><\/p>\n<p style=\"text-align: justify;\"><span style=\"text-decoration: underline;\">Pour poser votre candidature, nous vous demandons de bien vouloir remplir le formulaire de candidature en ligne de Carrefour<\/span><span data-contrast=\"auto\"><span style=\"text-decoration: underline;\">.<\/span> Les candidatures seront examin\u00e9es de mani\u00e8re continue. N\u2019attendez pas pour soumettre la v\u00f4tre!<\/span><\/p>\n<p style=\"text-align: justify;\"><span data-contrast=\"auto\">Veuillez contacter l\u2019\u00e9quipe de mobilisation des volontaires si vous avez des questions: <\/span><a href=\"mailto:volontaire@cintl.org\"><span data-contrast=\"none\">volontaire@cintl.org<\/span><\/a><span data-ccp-props=\"{&quot;201341983&quot;:0,&quot;335559739&quot;:160,&quot;335559740&quot;:259}\">\u00a0<\/span><\/p>\n<p style=\"text-align: justify;\"><span data-contrast=\"auto\">Nous vous remercions de votre int\u00e9r\u00eat.\u00a0 Veuillez noter que seules les personnes s\u00e9lectionn\u00e9es pour une entrevue seront contact\u00e9es.<\/span><span data-ccp-props=\"{&quot;201341983&quot;:0,&quot;335559739&quot;:160,&quot;335559740&quot;:259}\">\u00a0<\/span><\/p>\n","protected":false},"featured_media":0,"menu_order":0,"template":"","opportunity-type":[],"language":[],"country":[],"field-of-work":[],"class_list":["post-16030","opportunity","type-opportunity","status-publish","hentry"],"acf":[],"_links":{"self":[{"href":"https:\/\/crossboard.dev2.smartegy.ca\/fr\/wp-json\/wp\/v2\/opportunity\/16030","targetHints":{"allow":["GET"]}}],"collection":[{"href":"https:\/\/crossboard.dev2.smartegy.ca\/fr\/wp-json\/wp\/v2\/opportunity"}],"about":[{"href":"https:\/\/crossboard.dev2.smartegy.ca\/fr\/wp-json\/wp\/v2\/types\/opportunity"}],"version-history":[{"count":1,"href":"https:\/\/crossboard.dev2.smartegy.ca\/fr\/wp-json\/wp\/v2\/opportunity\/16030\/revisions"}],"predecessor-version":[{"id":25744,"href":"https:\/\/crossboard.dev2.smartegy.ca\/fr\/wp-json\/wp\/v2\/opportunity\/16030\/revisions\/25744"}],"wp:attachment":[{"href":"https:\/\/crossboard.dev2.smartegy.ca\/fr\/wp-json\/wp\/v2\/media?parent=16030"}],"wp:term":[{"taxonomy":"opportunity-type","embeddable":true,"href":"https:\/\/crossboard.dev2.smartegy.ca\/fr\/wp-json\/wp\/v2\/opportunity-type?post=16030"},{"taxonomy":"language","embeddable":true,"href":"https:\/\/crossboard.dev2.smartegy.ca\/fr\/wp-json\/wp\/v2\/language?post=16030"},{"taxonomy":"country","embeddable":true,"href":"https:\/\/crossboard.dev2.smartegy.ca\/fr\/wp-json\/wp\/v2\/country?post=16030"},{"taxonomy":"field-of-work","embeddable":true,"href":"https:\/\/crossboard.dev2.smartegy.ca\/fr\/wp-json\/wp\/v2\/field-of-work?post=16030"}],"curies":[{"name":"wp","href":"https:\/\/api.w.org\/{rel}","templated":true}]}}