{"id":16393,"date":"2026-01-29T09:29:10","date_gmt":"2026-01-29T09:29:10","guid":{"rendered":"https:\/\/cintl.org\/?post_type=opportunity&#038;p=16393"},"modified":"2026-01-29T09:29:12","modified_gmt":"2026-01-29T09:29:12","slug":"conseiller-ere-en-developpement-de-ressources-5","status":"publish","type":"opportunity","link":"https:\/\/crossboard.dev2.smartegy.ca\/fr\/opportunity\/conseiller-ere-en-developpement-de-ressources-5\/","title":{"rendered":"Conseiller-\u00e8re en d\u00e9veloppement de ressources"},"content":{"rendered":"<p><strong>Principales responsabilit\u00e9s<\/strong><\/p>\n<ul>\n<li>D\u00e9velopper et mettre en \u0153uvre une strat\u00e9gie de mobilisation des ressources;<\/li>\n<li>Identifier des strat\u00e9gies de financements alternatifs et d\u00e9velopper un mod\u00e8le d\u2019affaire visant l\u2019auto-financement du CEFCI;<\/li>\n<li>Contribuer \u00e0 la conception et mise en place d&rsquo;une strat\u00e9gie afin de d\u00e9velopper et d\u2019entretenir des partenariats durables;<\/li>\n<li>R\u00e9aliser des rencontres et des activit\u00e9s de r\u00e9seautage aupr\u00e8s des partenaires actuels et potentiels;<\/li>\n<li>D\u00e9velopper une base de donn\u00e9es de bailleurs de fonds potentiels ;<\/li>\n<li>Tenir des rencontres de formation du personnel sur la mobilisation de ressources.<\/li>\n<\/ul>\n<p><strong>Description du projet et contexte\u00a0<\/strong><\/p>\n<p style=\"text-align: justify;\">Le programme de coop\u00e9ration volontaire (VCP) 2020-2027 de Carrefour International intitul\u00e9 \u00ab\u00a0<em>Ensemble<\/em>,\u00a0<em>Champions &amp; Championnes de l\u2019\u00c9galit\u00e9 des genres\u00a0<\/em>\u00bb, financ\u00e9 par Affaires mondiales Canada (AMC), mobilisera les canadien-ne-s, les parties prenantes canadiennes, le personnel et les volontaires de Carrefour, les organisations partenaires locales ainsi que les femmes, les hommes, les filles et les gar\u00e7ons en Afrique subsaharienne pour devenir champion-ne-s de l\u2019\u00e9galit\u00e9 des genres.<\/p>\n<p style=\"text-align: justify;\">Le projet vise \u00e0 r\u00e9duire les\u00a0<strong>in\u00e9galit\u00e9s de genre et \u00e0 r\u00e9duire la pauvret\u00e9<\/strong>\u00a0en s\u2019attaquant \u00e0 la\u00a0<strong>violence bas\u00e9e sur le genre, aux in\u00e9galit\u00e9s d\u2019acc\u00e8s aux ressources et aux opportunit\u00e9s \u00e9conomiques<\/strong>, et aux d\u00e9fis qui emp\u00eachent de\u00a0<strong>prendre des d\u00e9cisions inform\u00e9es, de se faire entendre<\/strong>, \u00e0 cause des relations de pouvoir in\u00e9gales et discriminatoires ancr\u00e9es dans nos soci\u00e9t\u00e9s.<\/p>\n<p><strong>\u00a0Description du partenaire<\/strong><\/p>\n<p style=\"text-align: justify;\">Le Centre F\u00e9minin pour la d\u00e9mocratie et les droits humains en C\u00f4te d\u2019Ivoire (CEFCI) est une organisation dont la mission est de favoriser le leadership des filles, des adolescentes et des femmes en portant \u00e0 leur connaissance leurs droits. Le CEFCI a \u00e9t\u00e9 mis sur pied en 2003 pour r\u00e9pondre aux violations des droits des femmes constat\u00e9es lors de la crise militaro-politique ivoirienne en 2002. Les grands axes de travail de l\u2019organisation sont la promotion des droits des filles, des adolescentes et des femmes, la d\u00e9mocratie et la gouvernance, la paix et la s\u00e9curit\u00e9, et la formation et le renforcement des capacit\u00e9s. Les projets du CEFCI se d\u00e9ploient sur toute l\u2019\u00e9tendue de la C\u00f4te d\u2019Ivoire, mais particuli\u00e8rement dans les villes d\u2019Abidjan, de Niakara et d\u2019Odienn\u00e9.<\/p>\n<p><strong>Exp\u00e9riences et comp\u00e9tences requises<\/strong><\/p>\n<ul>\n<li>Dipl\u00f4me universitaire (ou l\u2019\u00e9quivalent) en sciences sociales, relations publiques, d\u00e9veloppement international ou autre domaine pertinent;<\/li>\n<li>Deux (2) ans d\u2019exp\u00e9rience pertinente en lien avec le mandat;<\/li>\n<li>Exp\u00e9rience en mobilisation de ressources ou en d\u00e9veloppement des affaires;<\/li>\n<li>Excellente capacit\u00e9 \u00e0 travailler de fa\u00e7on autonome et volont\u00e9 de prendre des initiatives;<\/li>\n<li>Avoir \u00e0 c\u0153ur la question de l\u2019\u00e9galit\u00e9 des genres;<\/li>\n<li>Forte capacit\u00e9 d\u2019adaptation;<\/li>\n<li>Comp\u00e9tences et attitudes interculturelles exceptionnelles, y compris la patience, la communication interculturelle, et le respect de l\u2019expertise et de la culture du travail locale;<\/li>\n<li>Excellentes comp\u00e9tences organisationnelles, relationnelles et communicationnelles;<\/li>\n<li>Une exp\u00e9rience pr\u00e9c\u00e9dente en Afrique et une compr\u00e9hension du contexte, de la r\u00e9alit\u00e9 et de la culture des pays sont consid\u00e9r\u00e9es comme un atout solide.<\/li>\n<\/ul>\n<p>&nbsp;<\/p>\n<p><strong>Crit\u00e8res d\u2019\u00e9ligibilit\u00e9<\/strong><\/p>\n<ul>\n<li data-leveltext=\"\uf0b7\" data-font=\"Symbol\" data-listid=\"1\" aria-setsize=\"-1\" data-aria-posinset=\"1\" data-aria-level=\"1\"><b><i>***IMPORTANT:<\/i><\/b><b><i>\u00a0\u00catre citoyen-ne canadien-ne ou r\u00e9sident-e permanent-e du Canada;<\/i><\/b><span data-ccp-props=\"{&quot;201341983&quot;:0,&quot;335559739&quot;:160,&quot;335559740&quot;:259}\">\u00a0<\/span><\/li>\n<li>\u00catre dispos\u00e9 \u00e0 mener des activit\u00e9s de collecte de fonds et d&rsquo;engagement du public avant, pendant et apr\u00e8s le mandat;<\/li>\n<li>Partager un <a href=\"https:\/\/ccic.ca\/fr\/news\/engagement-des-leaders-du-ccci-a-prevenir-et-a-combattre-linconduite-sexuelle-2\/\">engagement de pr\u00e9vention et de lutte contre l\u2019inconduite sexuelle;<\/a><\/li>\n<li>\u00catre d\u00e9clar\u00e9 en bonne sant\u00e9 physique et mentale (examen m\u00e9dical requis);<\/li>\n<li>Le volontaire disposer de\u00a0 son propre ordinateur;<\/li>\n<li data-leveltext=\"\uf0b7\" data-font=\"Symbol\" data-listid=\"1\" aria-setsize=\"-1\" data-aria-posinset=\"6\" data-aria-level=\"1\"><span data-contrast=\"none\">La personne volontaire doit \u00eatre disponible pour participer \u00e0 une formation pr\u00e9-mandat en ligne du 25 octobre au 1er novembre pour les d\u00e9parts en novembre et d\u00e9cembre ou du 6 au 13 d\u00e9cembre pour les d\u00e9parts en janvier. <\/span><span data-ccp-props=\"{&quot;201341983&quot;:0,&quot;335559739&quot;:160,&quot;335559740&quot;:259}\">\u00a0<\/span><\/li>\n<\/ul>\n<p><em>Encadrement personnalis\u00e9 avant, pendant et apr\u00e8s le mandat r\u00e9alis\u00e9 par une \u00e9quipe disponible et accueillante et prise en charge compl\u00e8te pendant votre s\u00e9jour.<\/em><\/p>\n<p><strong>L\u2019exp\u00e9rience Carrefour inclut :<\/strong><\/p>\n<ul>\n<li>Allocation de subsistance et d\u2019h\u00e9bergement (varie selon le pays);<\/li>\n<li>Assurance m\u00e9dicale et vaccins;<\/li>\n<li>Billet d\u2019avion aller-retour;<\/li>\n<li>Formation pr\u00e9-d\u00e9part et atelier de r\u00e9int\u00e9gration au retour.<\/li>\n<\/ul>\n<p><em>Carrefour International s\u2019est engag\u00e9 \u00e0 lutter contre la violence sexiste en soutenant le travail novateur de nos organisations partenaires pour <a href=\"https:\/\/www.international.gc.ca\/world-monde\/issues_development-enjeux_developpement\/priorities-priorites\/policy-politique.aspx?lang=fra\">mettre fin \u00e0 la violence \u00e0 l\u2019\u00e9gard des femmes et des filles<\/a><\/em>.<\/p>\n<p><a href=\"https:\/\/international.gc.ca\/world-monde\/issues_development-enjeux_developpement\/priorities-priorites\/policy-politique.aspx?lang=fra\">REJOIGNEZ LE MOUVEMENT!<\/a><\/p>\n<p><strong>POUR POSTULER<\/strong><\/p>\n<p><span style=\"text-decoration-line: underline;\">Pour poser votre candidature, nous vous invitons \u00e0 remplir notre formulaire en ligne<\/span>. Les candidatures seront examin\u00e9es de mani\u00e8re continue. N\u2019attendez pas pour soumettre la v\u00f4tre!<\/p>\n<p>Veuillez contacter l\u2019\u00e9quipe de mobilisation des volontaires \u00a0 si vous avez des questions: <a href=\"mailto:volontaire@cintl.org\">volontaire@cintl.org<\/a><\/p>\n<p>Nous vous remercions de votre int\u00e9r\u00eat.\u00a0 Veuillez noter que seules les personnes s\u00e9lectionn\u00e9es pour une entrevue seront contact\u00e9es.<\/p>\n","protected":false},"featured_media":0,"menu_order":0,"template":"","opportunity-type":[],"language":[],"country":[],"field-of-work":[],"class_list":["post-16393","opportunity","type-opportunity","status-publish","hentry"],"acf":[],"_links":{"self":[{"href":"https:\/\/crossboard.dev2.smartegy.ca\/fr\/wp-json\/wp\/v2\/opportunity\/16393","targetHints":{"allow":["GET"]}}],"collection":[{"href":"https:\/\/crossboard.dev2.smartegy.ca\/fr\/wp-json\/wp\/v2\/opportunity"}],"about":[{"href":"https:\/\/crossboard.dev2.smartegy.ca\/fr\/wp-json\/wp\/v2\/types\/opportunity"}],"version-history":[{"count":2,"href":"https:\/\/crossboard.dev2.smartegy.ca\/fr\/wp-json\/wp\/v2\/opportunity\/16393\/revisions"}],"predecessor-version":[{"id":25876,"href":"https:\/\/crossboard.dev2.smartegy.ca\/fr\/wp-json\/wp\/v2\/opportunity\/16393\/revisions\/25876"}],"wp:attachment":[{"href":"https:\/\/crossboard.dev2.smartegy.ca\/fr\/wp-json\/wp\/v2\/media?parent=16393"}],"wp:term":[{"taxonomy":"opportunity-type","embeddable":true,"href":"https:\/\/crossboard.dev2.smartegy.ca\/fr\/wp-json\/wp\/v2\/opportunity-type?post=16393"},{"taxonomy":"language","embeddable":true,"href":"https:\/\/crossboard.dev2.smartegy.ca\/fr\/wp-json\/wp\/v2\/language?post=16393"},{"taxonomy":"country","embeddable":true,"href":"https:\/\/crossboard.dev2.smartegy.ca\/fr\/wp-json\/wp\/v2\/country?post=16393"},{"taxonomy":"field-of-work","embeddable":true,"href":"https:\/\/crossboard.dev2.smartegy.ca\/fr\/wp-json\/wp\/v2\/field-of-work?post=16393"}],"curies":[{"name":"wp","href":"https:\/\/api.w.org\/{rel}","templated":true}]}}